{"id":36,"date":"2021-01-31T15:15:19","date_gmt":"2021-01-31T15:15:19","guid":{"rendered":"https:\/\/heilpraktikerinnen-just-schmitt.de\/index.php\/impressum\/"},"modified":"2021-01-31T15:15:20","modified_gmt":"2021-01-31T15:15:20","slug":"impressum","status":"publish","type":"page","link":"https:\/\/heilpraktikerinnen-just-schmitt.de\/index.php\/impressum\/","title":{"rendered":"Impressum"},"content":{"rendered":"\n  \n    <section class=\"u-align-center u-clearfix u-section-1\" id=\"sec-e3b7\">\n      <div class=\"u-clearfix u-sheet u-valign-middle u-sheet-1\">\n        <h2 class=\"u-text u-text-default u-text-1\"> Impressum <\/h2>\n        <h4 class=\"u-text u-text-default u-text-2\"> Angaben gem\u00e4\u00df \u00a7 5 TMG <\/h4>\n        <div class=\"u-clearfix u-expanded-width u-layout-wrap u-layout-wrap-1\">\n          <div class=\"u-layout\">\n            <div class=\"u-layout-row\">\n              <div class=\"u-container-style u-layout-cell u-left-cell u-size-20 u-layout-cell-1\">\n                <div class=\"u-container-layout u-valign-top u-container-layout-1\">\n                  <p class=\"u-text u-text-3\">&nbsp;Naturheilpraxis A. Just und A. Schmitt\nLendersh\u00e4user Stra\u00dfe 2<br>97461 Hofheim&nbsp;\n                  <\/p>\n                <\/div>\n              <\/div>\n              <div class=\"u-container-style u-layout-cell u-size-20 u-layout-cell-2\">\n                <div class=\"u-container-layout u-valign-top u-container-layout-2\">\n                  <p class=\"u-text u-text-4\">&nbsp;Vertreten durch:&nbsp;<br>Andrea Just und Andrea Schmitt&nbsp;\n                  <\/p>\n                <\/div>\n              <\/div>\n              <div class=\"u-container-style u-layout-cell u-right-cell u-size-20 u-layout-cell-3\">\n                <div class=\"u-container-layout u-valign-top u-container-layout-3\">\n                  <p class=\"u-text u-text-5\">\n                    <span style=\"font-weight: 700;\"> Kontakt<br>\n                    <\/span>Telefon: 01702864711 und 01708776156&nbsp;<br>E-Mail: naturheilpraxis.schmitt-just@web.de \n                  <\/p>\n                <\/div>\n              <\/div>\n            <\/div>\n          <\/div>\n        <\/div>\n      <\/div>\n    <\/section>\n    <section class=\"u-clearfix u-grey-5 u-section-2\" id=\"sec-b353\">\n      <div class=\"u-clearfix u-sheet u-valign-middle u-sheet-1\">\n        <h5 class=\"u-text u-text-1\"> Berufsbezeichnung und berufsrechtliche Regelungen <\/h5>\n        <p class=\"u-text u-text-2\">&nbsp;Berufsbezeichnung: Heilpraktikerinnen&nbsp;<br>Zust\u00e4ndige Kammer:&nbsp;<br>Verliehen in: Deutschland&nbsp;<br>Es gelten folgende berufsrechtliche Regelungen: Heilpraktikergesetz&nbsp;<br>Regelungen einsehbar unter:&nbsp;<a href=\"https:\/\/www.gesetze-bayern.de\/Content\/Document\/BayVwV235458\/true?AspxAutoDetectCookieSupport=1\" class=\"u-active-none u-border-none u-btn u-button-link u-button-style u-hover-none u-none u-text-palette-1-dark-1 u-btn-1\" target=\"_blank\">https:\/\/www.gesetze-bayern.de\/Content\/Document\/BayVwV235458\/true?AspxAutoDetectCookieSupport=1<\/a>\n        <\/p>\n      <\/div>\n    <\/section>\n    <section class=\"u-clearfix u-white u-section-3\" id=\"carousel_fff1\">\n      <div class=\"u-clearfix u-sheet u-valign-middle u-sheet-1\">\n        <h5 class=\"u-text u-text-1\"> Angaben zur Berufshaftpflichtversicherung <\/h5>\n        <p class=\"u-text u-text-2\">&nbsp;Name und Sitz des Versicherers:<br>Allianz Hubert Endres&nbsp;<br>Zum Sportplatz 1&nbsp;<br>97494 Bundorf\n&nbsp;<br>\n          <br>Geltungsraum der Versicherung:\nDeutschland&nbsp;<br>\n        <\/p>\n      <\/div>\n    <\/section>\n    <section class=\"u-clearfix u-grey-5 u-section-4\" id=\"carousel_d379\">\n      <div class=\"u-clearfix u-sheet u-valign-middle u-sheet-1\">\n        <h5 class=\"u-text u-text-1\"> Redaktionell Verantwortlicher <\/h5>\n        <p class=\"u-text u-text-2\">&nbsp;Andrea Just und Andrea Schmitt&nbsp;<br>&nbsp;Lendersh\u00e4user Stra\u00dfe 2<br>97461 Hofheim&nbsp;<br>\n        <\/p>\n      <\/div>\n    <\/section>\n    <section class=\"u-clearfix u-white u-section-5\" id=\"carousel_271a\">\n      <div class=\"u-clearfix u-sheet u-valign-middle u-sheet-1\">\n        <h5 class=\"u-text u-text-1\"> EU-Streitschlichtung <\/h5>\n        <p class=\"u-text u-text-2\">&nbsp;Die Europ\u00e4ische Kommission stellt eine Plattform zur Online-Streitbeilegung (OS) bereit: <a href=\"https:\/\/ec.europa.eu\/consumers\/odr\" class=\"u-active-none u-border-none u-btn u-button-link u-button-style u-hover-none u-none u-text-palette-1-dark-1 u-btn-1\" target=\"_blank\">https:\/\/ec.europa.eu\/consumers\/odr<\/a> .<br>Unsere E-Mail-Adresse finden Sie oben im Impressum.&nbsp;<br>\n        <\/p>\n      <\/div>\n    <\/section>\n    <section class=\"u-clearfix u-grey-5 u-section-6\" id=\"carousel_3f6c\">\n      <div class=\"u-clearfix u-sheet u-valign-middle u-sheet-1\">\n        <h5 class=\"u-text u-text-1\"> Verbraucherstreitbeilegung\/Universalschlichtungsstelle <\/h5>\n        <p class=\"u-text u-text-2\">&nbsp;Wir sind nicht bereit oder verpflichtet, an Streitbeilegungsverfahren vor einer\nVerbraucherschlichtungsstelle teilzunehmen.&nbsp;<br>\n        <\/p>\n      <\/div>\n    <\/section>\n    <section class=\"u-clearfix u-white u-section-7\" id=\"carousel_d23f\">\n      <div class=\"u-clearfix u-sheet u-valign-middle u-sheet-1\">\n        <h5 class=\"u-text u-text-1\"> Haftung fu\u0308r Inhalte <\/h5>\n        <p class=\"u-text u-text-2\">Als Diensteanbieter sind wir gem\u00e4\u00df \u00a7 7 Abs.1 TMG fu\u0308r eigene Inhalte auf diesen Seiten nach den\nallgemeinen Gesetzen verantwortlich. Nach \u00a7\u00a7 8 bis 10 TMG sind wir als Diensteanbieter jedoch nicht\nverpflichtet, u\u0308bermittelte oder gespeicherte fremde Informationen zu u\u0308berwachen oder nach Umst\u00e4nden zu\nforschen, die auf eine rechtswidrige T\u00e4tigkeit hinweisen.\nVerpflichtungen zur Entfernung oder Sperrung der Nutzung von Informationen nach den allgemeinen\nGesetzen bleiben hiervon unberu\u0308hrt. Eine diesbezu\u0308gliche Haftung ist jedoch erst ab dem Zeitpunkt der\nKenntnis einer konkreten Rechtsverletzung m\u00f6glich. Bei Bekanntwerden von entsprechenden\nRechtsverletzungen werden wir diese Inhalte umgehend entfernen.&nbsp;<br>\n        <\/p>\n      <\/div>\n    <\/section>\n    <section class=\"u-clearfix u-grey-5 u-section-8\" id=\"carousel_8837\">\n      <div class=\"u-clearfix u-sheet u-valign-middle u-sheet-1\">\n        <h5 class=\"u-text u-text-1\"> Haftung fu\u0308r Links <\/h5>\n        <p class=\"u-text u-text-2\"> Unser Angebot enth\u00e4lt Links zu externen Websites Dritter, auf deren Inhalte wir keinen Einfluss haben.\nDeshalb k\u00f6nnen wir fu\u0308r diese fremden Inhalte auch keine Gew\u00e4hr u\u0308bernehmen. Fu\u0308r die Inhalte der\nverlinkten Seiten ist stets der jeweilige Anbieter oder Betreiber der Seiten verantwortlich. Die verlinkten\nSeiten wurden zum Zeitpunkt der Verlinkung auf m\u00f6gliche Rechtsverst\u00f6\u00dfe u\u0308berpru\u0308ft. Rechtswidrige Inhalte\nwaren zum Zeitpunkt der Verlinkung nicht erkennbar.\nEine permanente inhaltliche Kontrolle der verlinkten Seiten ist jedoch ohne konkrete Anhaltspunkte einer\nRechtsverletzung nicht zumutbar. Bei Bekanntwerden von Rechtsverletzungen werden wir derartige Links\numgehend entfernen. <br>\n        <\/p>\n      <\/div>\n    <\/section>\n    <section class=\"u-clearfix u-white u-section-9\" id=\"carousel_3ae2\">\n      <div class=\"u-clearfix u-sheet u-valign-middle u-sheet-1\">\n        <h5 class=\"u-text u-text-1\"> Urheberrecht <\/h5>\n        <p class=\"u-text u-text-2\">&nbsp;Die durch die Seitenbetreiber erstellten Inhalte und Werke auf diesen Seiten unterliegen dem deutschen\nUrheberrecht. Die Vervielf\u00e4ltigung, Bearbeitung, Verbreitung und jede Art der Verwertung au\u00dferhalb der\nGrenzen des Urheberrechtes bedu\u0308rfen der schriftlichen Zustimmung des jeweiligen Autors bzw. Erstellers.\nDownloads und Kopien dieser Seite sind nur fu\u0308r den privaten, nicht kommerziellen Gebrauch gestattet.\nSoweit die Inhalte auf dieser Seite nicht vom Betreiber erstellt wurden, werden die Urheberrechte Dritter\nbeachtet. Insbesondere werden Inhalte Dritter als solche gekennzeichnet. Sollten Sie trotzdem auf eine\nUrheberrechtsverletzung aufmerksam werden, bitten wir um einen entsprechenden Hinweis. Bei\nBekanntwerden von Rechtsverletzungen werden wir derartige Inhalte umgehend entfernen.&nbsp;<br>\n        <\/p>\n      <\/div>\n    <\/section>\n    <section class=\"u-clearfix u-grey-5 u-section-10\" id=\"carousel_77a3\">\n      <div class=\"u-clearfix u-sheet u-valign-middle u-sheet-1\">\n        <p class=\"u-text u-text-1\">&nbsp;Quelle: <a href=\"https:\/\/www.e-recht24.de\/impressum-generator.html\" class=\"u-active-none u-border-none u-btn u-button-link u-button-style u-hover-none u-none u-text-palette-1-dark-1 u-btn-1\" target=\"_blank\">https:\/\/www.e-recht24.de\/impressum-generator.html<\/a>&nbsp;<br>\n        <\/p>\n      <\/div>\n    <\/section>\n    \n    \n    \n    \n  \n","protected":false},"excerpt":{"rendered":"<p>Impressum Angaben gem\u00e4\u00df \u00a7 5 TMG &nbsp;Naturheilpraxis A. Just und A. Schmitt Lendersh\u00e4user Stra\u00dfe 297461 Hofheim&nbsp; &nbsp;Vertreten durch:&nbsp;Andrea Just und Andrea Schmitt&nbsp; Kontakt Telefon: 01702864711 und 01708776156&nbsp;E-Mail: naturheilpraxis.schmitt-just@web.de Berufsbezeichnung und berufsrechtliche Regelungen &nbsp;Berufsbezeichnung: Heilpraktikerinnen&nbsp;Zust\u00e4ndige Kammer:&nbsp;Verliehen in: Deutschland&nbsp;Es gelten folgende berufsrechtliche Regelungen: Heilpraktikergesetz&nbsp;Regelungen einsehbar unter:&nbsp;https:\/\/www.gesetze-bayern.de\/Content\/Document\/BayVwV235458\/true?AspxAutoDetectCookieSupport=1 Angaben zur Berufshaftpflichtversicherung &nbsp;Name und Sitz des Versicherers:Allianz Hubert Endres&nbsp;Zum Sportplatz &hellip; <a href=\"https:\/\/heilpraktikerinnen-just-schmitt.de\/index.php\/impressum\/\" class=\"more-link\">Continue reading<span class=\"screen-reader-text\"> &#8222;Impressum&#8220;<\/span><\/a><\/p>\n","protected":false},"author":1,"featured_media":0,"parent":0,"menu_order":7,"comment_status":"closed","ping_status":"closed","template":"","meta":{"footnotes":""},"class_list":["post-36","page","type-page","status-publish","hentry"],"_links":{"self":[{"href":"https:\/\/heilpraktikerinnen-just-schmitt.de\/index.php\/wp-json\/wp\/v2\/pages\/36","targetHints":{"allow":["GET"]}}],"collection":[{"href":"https:\/\/heilpraktikerinnen-just-schmitt.de\/index.php\/wp-json\/wp\/v2\/pages"}],"about":[{"href":"https:\/\/heilpraktikerinnen-just-schmitt.de\/index.php\/wp-json\/wp\/v2\/types\/page"}],"author":[{"embeddable":true,"href":"https:\/\/heilpraktikerinnen-just-schmitt.de\/index.php\/wp-json\/wp\/v2\/users\/1"}],"replies":[{"embeddable":true,"href":"https:\/\/heilpraktikerinnen-just-schmitt.de\/index.php\/wp-json\/wp\/v2\/comments?post=36"}],"version-history":[{"count":1,"href":"https:\/\/heilpraktikerinnen-just-schmitt.de\/index.php\/wp-json\/wp\/v2\/pages\/36\/revisions"}],"predecessor-version":[{"id":43,"href":"https:\/\/heilpraktikerinnen-just-schmitt.de\/index.php\/wp-json\/wp\/v2\/pages\/36\/revisions\/43"}],"wp:attachment":[{"href":"https:\/\/heilpraktikerinnen-just-schmitt.de\/index.php\/wp-json\/wp\/v2\/media?parent=36"}],"curies":[{"name":"wp","href":"https:\/\/api.w.org\/{rel}","templated":true}]}}